{"id":198,"date":"2026-02-19T13:31:46","date_gmt":"2026-02-19T13:31:46","guid":{"rendered":"https:\/\/orgues-elbeuf.fr\/?page_id=198"},"modified":"2026-03-06T07:06:07","modified_gmt":"2026-03-06T07:06:07","slug":"les-instruments","status":"publish","type":"page","link":"https:\/\/orgues-elbeuf.fr\/index.php\/les-instruments\/","title":{"rendered":"Les instruments"},"content":{"rendered":"\n<figure class=\"wp-block-table is-style-regular\"><table class=\"has-fixed-layout\" style=\"border-style:none;border-width:0px\"><tbody><tr><td class=\"has-text-align-center\" data-align=\"center\"><a href=\"https:\/\/orgues-elbeuf.fr\/index.php\/grand-orgue-de-st-jean\/\" data-type=\"page\" data-id=\"60\">Grand-Orgue <\/a><br><a href=\"https:\/\/orgues-elbeuf.fr\/index.php\/grand-orgue-de-st-jean\/\" data-type=\"page\" data-id=\"60\">de l&rsquo;\u00e9glise St Jean<\/a><\/td><td class=\"has-text-align-center\" data-align=\"center\"><a href=\"https:\/\/orgues-elbeuf.fr\/index.php\/grand-orgue-de-st-etienne\/\" data-type=\"page\" data-id=\"58\">Grand-Orgue <\/a><br><a href=\"https:\/\/orgues-elbeuf.fr\/index.php\/grand-orgue-de-st-etienne\/\" data-type=\"page\" data-id=\"58\">de l&rsquo;\u00e9glise St \u00c9tienne<\/a><\/td><td class=\"has-text-align-center\" data-align=\"center\"><a href=\"https:\/\/orgues-elbeuf.fr\/index.php\/grand-orgue-de-limmaculee-conception\/\" data-type=\"page\" data-id=\"55\">Grand-Orgue de l&rsquo;\u00e9glise<\/a><br><a href=\"https:\/\/orgues-elbeuf.fr\/index.php\/grand-orgue-de-limmaculee-conception\/\" data-type=\"page\" data-id=\"55\"> Immacul\u00e9e-Conception<\/a><\/td><\/tr><\/tbody><\/table><\/figure>\n\n\n\n<figure class=\"wp-block-gallery has-nested-images columns-default is-cropped wp-block-gallery-1 is-layout-flex wp-block-gallery-is-layout-flex\">\n<figure class=\"wp-block-image size-full has-custom-border is-style-default\"><a href=\"https:\/\/orgues-elbeuf.fr\/index.php\/grand-orgue-de-st-jean\/\"><img loading=\"lazy\" decoding=\"async\" width=\"1181\" height=\"1772\" data-id=\"35\" src=\"https:\/\/orgues-elbeuf.fr\/wp-content\/uploads\/2026\/02\/GOStJean-Buffet.jpeg\" alt=\"Grand-Orgue de l'\u00e9glise St Jean\" class=\"wp-image-35\" style=\"border-style:none;border-width:0px;border-top-left-radius:22px;border-top-right-radius:22px;border-bottom-left-radius:22px;border-bottom-right-radius:22px;box-shadow:var(--wp--preset--shadow--natural)\" srcset=\"https:\/\/orgues-elbeuf.fr\/wp-content\/uploads\/2026\/02\/GOStJean-Buffet.jpeg 1181w, https:\/\/orgues-elbeuf.fr\/wp-content\/uploads\/2026\/02\/GOStJean-Buffet-200x300.jpeg 200w, https:\/\/orgues-elbeuf.fr\/wp-content\/uploads\/2026\/02\/GOStJean-Buffet-682x1024.jpeg 682w, https:\/\/orgues-elbeuf.fr\/wp-content\/uploads\/2026\/02\/GOStJean-Buffet-768x1152.jpeg 768w, https:\/\/orgues-elbeuf.fr\/wp-content\/uploads\/2026\/02\/GOStJean-Buffet-1024x1536.jpeg 1024w\" sizes=\"auto, (max-width: 1181px) 100vw, 1181px\" \/><\/a><\/figure>\n\n\n\n<figure class=\"wp-block-image size-large has-custom-border\"><a href=\"https:\/\/orgues-elbeuf.fr\/index.php\/grand-orgue-de-st-etienne\/\"><img loading=\"lazy\" decoding=\"async\" width=\"681\" height=\"1024\" data-id=\"27\" src=\"https:\/\/orgues-elbeuf.fr\/wp-content\/uploads\/2026\/02\/GOStEtienne-Buffet1-681x1024.jpeg\" alt=\"\" class=\"wp-image-27\" style=\"border-top-left-radius:22px;border-top-right-radius:22px;border-bottom-left-radius:22px;border-bottom-right-radius:22px;box-shadow:var(--wp--preset--shadow--natural)\" srcset=\"https:\/\/orgues-elbeuf.fr\/wp-content\/uploads\/2026\/02\/GOStEtienne-Buffet1-681x1024.jpeg 681w, https:\/\/orgues-elbeuf.fr\/wp-content\/uploads\/2026\/02\/GOStEtienne-Buffet1-200x300.jpeg 200w, https:\/\/orgues-elbeuf.fr\/wp-content\/uploads\/2026\/02\/GOStEtienne-Buffet1-768x1154.jpeg 768w, https:\/\/orgues-elbeuf.fr\/wp-content\/uploads\/2026\/02\/GOStEtienne-Buffet1-1022x1536.jpeg 1022w, https:\/\/orgues-elbeuf.fr\/wp-content\/uploads\/2026\/02\/GOStEtienne-Buffet1.jpeg 1179w\" sizes=\"auto, (max-width: 681px) 100vw, 681px\" \/><\/a><\/figure>\n\n\n\n<figure class=\"wp-block-image size-large has-custom-border\"><a href=\"https:\/\/orgues-elbeuf.fr\/index.php\/grand-orgue-de-limmaculee-conception\/\"><img loading=\"lazy\" decoding=\"async\" width=\"1024\" height=\"681\" data-id=\"20\" src=\"https:\/\/orgues-elbeuf.fr\/wp-content\/uploads\/2026\/02\/GOIC-Buffet-1024x681.jpg\" alt=\"\" class=\"wp-image-20\" style=\"border-top-left-radius:22px;border-top-right-radius:22px;border-bottom-left-radius:22px;border-bottom-right-radius:22px;box-shadow:var(--wp--preset--shadow--natural)\" srcset=\"https:\/\/orgues-elbeuf.fr\/wp-content\/uploads\/2026\/02\/GOIC-Buffet-1024x681.jpg 1024w, https:\/\/orgues-elbeuf.fr\/wp-content\/uploads\/2026\/02\/GOIC-Buffet-300x200.jpg 300w, https:\/\/orgues-elbeuf.fr\/wp-content\/uploads\/2026\/02\/GOIC-Buffet-768x511.jpg 768w, https:\/\/orgues-elbeuf.fr\/wp-content\/uploads\/2026\/02\/GOIC-Buffet-1536x1022.jpg 1536w, https:\/\/orgues-elbeuf.fr\/wp-content\/uploads\/2026\/02\/GOIC-Buffet-2048x1363.jpg 2048w\" sizes=\"auto, (max-width: 1024px) 100vw, 1024px\" \/><\/a><\/figure>\n\n\n\n<figure class=\"wp-block-image size-large has-custom-border\"><a href=\"https:\/\/orgues-elbeuf.fr\/index.php\/lorgue-de-choeur-de-st-jean\/\"><img loading=\"lazy\" decoding=\"async\" width=\"683\" height=\"1024\" data-id=\"15\" src=\"https:\/\/orgues-elbeuf.fr\/wp-content\/uploads\/2026\/02\/POStJean-Buffet-683x1024.jpeg\" alt=\"\" class=\"wp-image-15\" style=\"border-top-left-radius:22px;border-top-right-radius:22px;border-bottom-left-radius:22px;border-bottom-right-radius:22px;box-shadow:var(--wp--preset--shadow--natural)\" srcset=\"https:\/\/orgues-elbeuf.fr\/wp-content\/uploads\/2026\/02\/POStJean-Buffet-683x1024.jpeg 683w, https:\/\/orgues-elbeuf.fr\/wp-content\/uploads\/2026\/02\/POStJean-Buffet-200x300.jpeg 200w, https:\/\/orgues-elbeuf.fr\/wp-content\/uploads\/2026\/02\/POStJean-Buffet-768x1152.jpeg 768w, https:\/\/orgues-elbeuf.fr\/wp-content\/uploads\/2026\/02\/POStJean-Buffet-1024x1536.jpeg 1024w, https:\/\/orgues-elbeuf.fr\/wp-content\/uploads\/2026\/02\/POStJean-Buffet-1365x2048.jpeg 1365w, https:\/\/orgues-elbeuf.fr\/wp-content\/uploads\/2026\/02\/POStJean-Buffet-scaled.jpeg 1707w\" sizes=\"auto, (max-width: 683px) 100vw, 683px\" \/><\/a><\/figure>\n\n\n\n<figure class=\"wp-block-image size-large has-custom-border\"><a href=\"https:\/\/orgues-elbeuf.fr\/index.php\/lorgue-de-choeur-de-st-etienne\/\"><img loading=\"lazy\" decoding=\"async\" width=\"761\" height=\"1024\" data-id=\"25\" src=\"https:\/\/orgues-elbeuf.fr\/wp-content\/uploads\/2026\/02\/POStEtienne-Buffet-761x1024.jpeg\" alt=\"\" class=\"wp-image-25\" style=\"border-top-left-radius:22px;border-top-right-radius:22px;border-bottom-left-radius:22px;border-bottom-right-radius:22px;box-shadow:var(--wp--preset--shadow--natural)\" srcset=\"https:\/\/orgues-elbeuf.fr\/wp-content\/uploads\/2026\/02\/POStEtienne-Buffet-761x1024.jpeg 761w, https:\/\/orgues-elbeuf.fr\/wp-content\/uploads\/2026\/02\/POStEtienne-Buffet-223x300.jpeg 223w, https:\/\/orgues-elbeuf.fr\/wp-content\/uploads\/2026\/02\/POStEtienne-Buffet-768x1033.jpeg 768w, https:\/\/orgues-elbeuf.fr\/wp-content\/uploads\/2026\/02\/POStEtienne-Buffet-1142x1536.jpeg 1142w, https:\/\/orgues-elbeuf.fr\/wp-content\/uploads\/2026\/02\/POStEtienne-Buffet.jpeg 1317w\" sizes=\"auto, (max-width: 761px) 100vw, 761px\" \/><\/a><\/figure>\n\n\n\n<figure class=\"wp-block-image size-large has-custom-border is-style-default\"><a href=\"https:\/\/orgues-elbeuf.fr\/index.php\/orgue-de-choeur-de-limmaculee-conception\/\"><img loading=\"lazy\" decoding=\"async\" width=\"682\" height=\"1024\" data-id=\"18\" src=\"https:\/\/orgues-elbeuf.fr\/wp-content\/uploads\/2026\/02\/POIC-buffet-682x1024.jpeg\" alt=\"\" class=\"wp-image-18\" style=\"border-top-left-radius:22px;border-top-right-radius:22px;border-bottom-left-radius:22px;border-bottom-right-radius:22px;box-shadow:var(--wp--preset--shadow--natural)\" srcset=\"https:\/\/orgues-elbeuf.fr\/wp-content\/uploads\/2026\/02\/POIC-buffet-682x1024.jpeg 682w, https:\/\/orgues-elbeuf.fr\/wp-content\/uploads\/2026\/02\/POIC-buffet-200x300.jpeg 200w, https:\/\/orgues-elbeuf.fr\/wp-content\/uploads\/2026\/02\/POIC-buffet-768x1154.jpeg 768w, https:\/\/orgues-elbeuf.fr\/wp-content\/uploads\/2026\/02\/POIC-buffet-1022x1536.jpeg 1022w, https:\/\/orgues-elbeuf.fr\/wp-content\/uploads\/2026\/02\/POIC-buffet-1363x2048.jpeg 1363w, https:\/\/orgues-elbeuf.fr\/wp-content\/uploads\/2026\/02\/POIC-buffet-scaled.jpeg 1704w\" sizes=\"auto, (max-width: 682px) 100vw, 682px\" \/><\/a><\/figure>\n<\/figure>\n\n\n\n<p><\/p>\n\n\n\n<figure class=\"wp-block-table\"><table class=\"has-fixed-layout\" style=\"border-style:none;border-width:0px\"><tbody><tr><td class=\"has-text-align-center\" data-align=\"center\"><a href=\"https:\/\/orgues-elbeuf.fr\/index.php\/lorgue-de-choeur-de-st-jean\/\" data-type=\"page\" data-id=\"72\">Orgue de choeur <\/a><br><a href=\"https:\/\/orgues-elbeuf.fr\/index.php\/lorgue-de-choeur-de-st-jean\/\" data-type=\"page\" data-id=\"72\">de l&rsquo;\u00e9glise St Jean<\/a><\/td><td class=\"has-text-align-center\" data-align=\"center\"><a href=\"https:\/\/orgues-elbeuf.fr\/index.php\/lorgue-de-choeur-de-st-etienne\/\" data-type=\"page\" data-id=\"69\">Orgue de choeur <\/a><br><a href=\"https:\/\/orgues-elbeuf.fr\/index.php\/lorgue-de-choeur-de-st-etienne\/\" data-type=\"page\" data-id=\"69\">de l&rsquo;\u00e9glise St \u00c9tienne<\/a><\/td><td class=\"has-text-align-center\" data-align=\"center\"><a href=\"https:\/\/orgues-elbeuf.fr\/index.php\/orgue-de-choeur-de-limmaculee-conception\/\" data-type=\"page\" data-id=\"64\">Orgue de choeur de l&rsquo;\u00e9glise<\/a><br><a href=\"https:\/\/orgues-elbeuf.fr\/index.php\/orgue-de-choeur-de-limmaculee-conception\/\" data-type=\"page\" data-id=\"64\"> Immacul\u00e9e-Conception<\/a><\/td><\/tr><\/tbody><\/table><\/figure>\n\n\n\n<p><\/p>\n","protected":false},"excerpt":{"rendered":"<p>Grand-Orgue de l&rsquo;\u00e9glise St Jean Grand-Orgue de l&rsquo;\u00e9glise St \u00c9tienne Grand-Orgue de l&rsquo;\u00e9glise Immacul\u00e9e-Conception Orgue de choeur de l&rsquo;\u00e9glise St Jean Orgue de choeur de l&rsquo;\u00e9glise St \u00c9tienne Orgue de choeur de l&rsquo;\u00e9glise Immacul\u00e9e-Conception<\/p>\n","protected":false},"author":1,"featured_media":0,"parent":0,"menu_order":0,"comment_status":"closed","ping_status":"closed","template":"","meta":{"inspiro_hide_title":false,"footnotes":""},"class_list":["post-198","page","type-page","status-publish","hentry"],"_links":{"self":[{"href":"https:\/\/orgues-elbeuf.fr\/index.php\/wp-json\/wp\/v2\/pages\/198","targetHints":{"allow":["GET"]}}],"collection":[{"href":"https:\/\/orgues-elbeuf.fr\/index.php\/wp-json\/wp\/v2\/pages"}],"about":[{"href":"https:\/\/orgues-elbeuf.fr\/index.php\/wp-json\/wp\/v2\/types\/page"}],"author":[{"embeddable":true,"href":"https:\/\/orgues-elbeuf.fr\/index.php\/wp-json\/wp\/v2\/users\/1"}],"replies":[{"embeddable":true,"href":"https:\/\/orgues-elbeuf.fr\/index.php\/wp-json\/wp\/v2\/comments?post=198"}],"version-history":[{"count":14,"href":"https:\/\/orgues-elbeuf.fr\/index.php\/wp-json\/wp\/v2\/pages\/198\/revisions"}],"predecessor-version":[{"id":370,"href":"https:\/\/orgues-elbeuf.fr\/index.php\/wp-json\/wp\/v2\/pages\/198\/revisions\/370"}],"wp:attachment":[{"href":"https:\/\/orgues-elbeuf.fr\/index.php\/wp-json\/wp\/v2\/media?parent=198"}],"curies":[{"name":"wp","href":"https:\/\/api.w.org\/{rel}","templated":true}]}}