{"id":330,"date":"2026-02-27T18:35:29","date_gmt":"2026-02-27T18:35:29","guid":{"rendered":"https:\/\/orgues-elbeuf.fr\/?page_id=330"},"modified":"2026-02-27T18:35:29","modified_gmt":"2026-02-27T18:35:29","slug":"anciennes-actualites-2017-2019","status":"publish","type":"page","link":"https:\/\/orgues-elbeuf.fr\/index.php\/anciennes-actualites-2017-2019\/","title":{"rendered":"Anciennes actualit\u00e9s 2017-2019"},"content":{"rendered":"\n<p class=\"has-background\" style=\"background:linear-gradient(135deg,rgba(252,146,0,0.99) 0%,rgba(255,106,0,0.13) 99%);font-size:clamp(21.536px, 1.346rem + ((1vw - 3.2px) * 1.192), 35px);\">2019 :<\/p>\n\n\n\n<p>Septembre : Journ\u00e9es du Patrimoine<\/p>\n\n\n\n<div class=\"wp-block-media-text is-stacked-on-mobile\"><figure class=\"wp-block-media-text__media\"><img loading=\"lazy\" decoding=\"async\" width=\"724\" height=\"1024\" src=\"https:\/\/orgues-elbeuf.fr\/wp-content\/uploads\/2026\/02\/2019-Festival-CColl-724x1024.jpeg\" alt=\"\" class=\"wp-image-300 size-full\" srcset=\"https:\/\/orgues-elbeuf.fr\/wp-content\/uploads\/2026\/02\/2019-Festival-CColl-724x1024.jpeg 724w, https:\/\/orgues-elbeuf.fr\/wp-content\/uploads\/2026\/02\/2019-Festival-CColl-212x300.jpeg 212w, https:\/\/orgues-elbeuf.fr\/wp-content\/uploads\/2026\/02\/2019-Festival-CColl.jpeg 1447w\" sizes=\"auto, (max-width: 724px) 100vw, 724px\" \/><\/figure><div class=\"wp-block-media-text__content\">\n<p>03 ao\u00fbt : Concert de Valentin ROUGET \u00e0 l&rsquo;Immacul\u00e9e-Conception dans le cadre du Festival des orgues Cavaill\u00e9-Coll<\/p>\n<\/div><\/div>\n\n\n\n<p><\/p>\n\n\n\n<div class=\"wp-block-media-text is-stacked-on-mobile\"><figure class=\"wp-block-media-text__media\"><img loading=\"lazy\" decoding=\"async\" width=\"723\" height=\"1024\" src=\"https:\/\/orgues-elbeuf.fr\/wp-content\/uploads\/2026\/02\/Affiche-concert-De-Jager-723x1024.jpg\" alt=\"\" class=\"wp-image-122 size-full\" srcset=\"https:\/\/orgues-elbeuf.fr\/wp-content\/uploads\/2026\/02\/Affiche-concert-De-Jager-723x1024.jpg 723w, https:\/\/orgues-elbeuf.fr\/wp-content\/uploads\/2026\/02\/Affiche-concert-De-Jager-212x300.jpg 212w, https:\/\/orgues-elbeuf.fr\/wp-content\/uploads\/2026\/02\/Affiche-concert-De-Jager-768x1088.jpg 768w, https:\/\/orgues-elbeuf.fr\/wp-content\/uploads\/2026\/02\/Affiche-concert-De-Jager-1084x1536.jpg 1084w, https:\/\/orgues-elbeuf.fr\/wp-content\/uploads\/2026\/02\/Affiche-concert-De-Jager-1445x2048.jpg 1445w, https:\/\/orgues-elbeuf.fr\/wp-content\/uploads\/2026\/02\/Affiche-concert-De-Jager-1568x2222.jpg 1568w, https:\/\/orgues-elbeuf.fr\/wp-content\/uploads\/2026\/02\/Affiche-concert-De-Jager-scaled.jpg 1806w\" sizes=\"auto, (max-width: 723px) 100vw, 723px\" \/><\/figure><div class=\"wp-block-media-text__content\">\n<p>01 Juin : Concert d&rsquo;Andr\u00e9 DE JAEGER \u00e0 l&rsquo;Immacul\u00e9e-Conception<\/p>\n<\/div><\/div>\n\n\n\n<p><\/p>\n\n\n\n<div class=\"wp-block-media-text has-media-on-the-right is-stacked-on-mobile\"><div class=\"wp-block-media-text__content\">\n<p>17 mai : Concert d&rsquo;Aurore BAAL \u00e0 l&rsquo;Immacul\u00e9e-Conception<\/p>\n<\/div><figure class=\"wp-block-media-text__media\"><img loading=\"lazy\" decoding=\"async\" width=\"730\" height=\"1024\" src=\"https:\/\/orgues-elbeuf.fr\/wp-content\/uploads\/2026\/02\/Affiche-concert-Baal-730x1024.jpg\" alt=\"\" class=\"wp-image-123 size-full\" srcset=\"https:\/\/orgues-elbeuf.fr\/wp-content\/uploads\/2026\/02\/Affiche-concert-Baal-730x1024.jpg 730w, https:\/\/orgues-elbeuf.fr\/wp-content\/uploads\/2026\/02\/Affiche-concert-Baal-214x300.jpg 214w, https:\/\/orgues-elbeuf.fr\/wp-content\/uploads\/2026\/02\/Affiche-concert-Baal-768x1077.jpg 768w, https:\/\/orgues-elbeuf.fr\/wp-content\/uploads\/2026\/02\/Affiche-concert-Baal-1095x1536.jpg 1095w, https:\/\/orgues-elbeuf.fr\/wp-content\/uploads\/2026\/02\/Affiche-concert-Baal-1460x2048.jpg 1460w, https:\/\/orgues-elbeuf.fr\/wp-content\/uploads\/2026\/02\/Affiche-concert-Baal-1568x2199.jpg 1568w, https:\/\/orgues-elbeuf.fr\/wp-content\/uploads\/2026\/02\/Affiche-concert-Baal-scaled.jpg 1825w\" sizes=\"auto, (max-width: 730px) 100vw, 730px\" \/><\/figure><\/div>\n\n\n\n<hr class=\"wp-block-separator has-alpha-channel-opacity\"\/>\n\n\n\n<p class=\"has-background\" style=\"background:linear-gradient(135deg,rgba(252,146,0,0.99) 0%,rgba(255,106,0,0.13) 99%);font-size:clamp(21.536px, 1.346rem + ((1vw - 3.2px) * 1.192), 35px);\">2018 :<\/p>\n\n\n\n<p><\/p>\n\n\n\n<div class=\"wp-block-media-text is-stacked-on-mobile\"><figure class=\"wp-block-media-text__media\"><img loading=\"lazy\" decoding=\"async\" width=\"720\" height=\"1024\" src=\"https:\/\/orgues-elbeuf.fr\/wp-content\/uploads\/2026\/02\/Affiche-concert-1-720x1024.jpg\" alt=\"\" class=\"wp-image-125 size-full\" srcset=\"https:\/\/orgues-elbeuf.fr\/wp-content\/uploads\/2026\/02\/Affiche-concert-1-720x1024.jpg 720w, https:\/\/orgues-elbeuf.fr\/wp-content\/uploads\/2026\/02\/Affiche-concert-1-211x300.jpg 211w, https:\/\/orgues-elbeuf.fr\/wp-content\/uploads\/2026\/02\/Affiche-concert-1-768x1093.jpg 768w, https:\/\/orgues-elbeuf.fr\/wp-content\/uploads\/2026\/02\/Affiche-concert-1-1080x1536.jpg 1080w, https:\/\/orgues-elbeuf.fr\/wp-content\/uploads\/2026\/02\/Affiche-concert-1-1439x2048.jpg 1439w, https:\/\/orgues-elbeuf.fr\/wp-content\/uploads\/2026\/02\/Affiche-concert-1-1568x2231.jpg 1568w, https:\/\/orgues-elbeuf.fr\/wp-content\/uploads\/2026\/02\/Affiche-concert-1-scaled.jpg 1799w\" sizes=\"auto, (max-width: 720px) 100vw, 720px\" \/><\/figure><div class=\"wp-block-media-text__content\">\n<p>26 octobre : Concert Orgue et fl\u00fbte \u00e0 l&rsquo;Immacul\u00e9e-Conception<\/p>\n<\/div><\/div>\n\n\n\n<p><\/p>\n\n\n\n<div class=\"wp-block-media-text has-media-on-the-right is-stacked-on-mobile\"><div class=\"wp-block-media-text__content\">\n<p>05 octobre : Concert d&rsquo;Emmanuel HERY \u00e0 St Jean<\/p>\n<\/div><figure class=\"wp-block-media-text__media\"><img loading=\"lazy\" decoding=\"async\" width=\"721\" height=\"1024\" src=\"https:\/\/orgues-elbeuf.fr\/wp-content\/uploads\/2026\/02\/Affiche-concert-721x1024.jpg\" alt=\"\" class=\"wp-image-124 size-full\" srcset=\"https:\/\/orgues-elbeuf.fr\/wp-content\/uploads\/2026\/02\/Affiche-concert-721x1024.jpg 721w, https:\/\/orgues-elbeuf.fr\/wp-content\/uploads\/2026\/02\/Affiche-concert-211x300.jpg 211w, https:\/\/orgues-elbeuf.fr\/wp-content\/uploads\/2026\/02\/Affiche-concert-768x1091.jpg 768w, https:\/\/orgues-elbeuf.fr\/wp-content\/uploads\/2026\/02\/Affiche-concert-1082x1536.jpg 1082w, https:\/\/orgues-elbeuf.fr\/wp-content\/uploads\/2026\/02\/Affiche-concert-1442x2048.jpg 1442w, https:\/\/orgues-elbeuf.fr\/wp-content\/uploads\/2026\/02\/Affiche-concert-1568x2227.jpg 1568w, https:\/\/orgues-elbeuf.fr\/wp-content\/uploads\/2026\/02\/Affiche-concert-scaled.jpg 1803w\" sizes=\"auto, (max-width: 721px) 100vw, 721px\" \/><\/figure><\/div>\n\n\n\n<p>15 septembre : Journ\u00e9es du Patrimoine<\/p>\n\n\n\n<p><\/p>\n\n\n\n<div class=\"wp-block-media-text is-stacked-on-mobile\"><figure class=\"wp-block-media-text__media\"><img loading=\"lazy\" decoding=\"async\" width=\"719\" height=\"1024\" src=\"https:\/\/orgues-elbeuf.fr\/wp-content\/uploads\/2026\/02\/Affiche-concert4b-719x1024.jpg\" alt=\"\" class=\"wp-image-126 size-full\" srcset=\"https:\/\/orgues-elbeuf.fr\/wp-content\/uploads\/2026\/02\/Affiche-concert4b-719x1024.jpg 719w, https:\/\/orgues-elbeuf.fr\/wp-content\/uploads\/2026\/02\/Affiche-concert4b-211x300.jpg 211w, https:\/\/orgues-elbeuf.fr\/wp-content\/uploads\/2026\/02\/Affiche-concert4b-768x1093.jpg 768w, https:\/\/orgues-elbeuf.fr\/wp-content\/uploads\/2026\/02\/Affiche-concert4b-1079x1536.jpg 1079w, https:\/\/orgues-elbeuf.fr\/wp-content\/uploads\/2026\/02\/Affiche-concert4b-1439x2048.jpg 1439w, https:\/\/orgues-elbeuf.fr\/wp-content\/uploads\/2026\/02\/Affiche-concert4b-1568x2232.jpg 1568w, https:\/\/orgues-elbeuf.fr\/wp-content\/uploads\/2026\/02\/Affiche-concert4b-scaled.jpg 1798w\" sizes=\"auto, (max-width: 719px) 100vw, 719px\" \/><\/figure><div class=\"wp-block-media-text__content\">\n<p>14 septembre : Concert de Valentin ROUGET \u00e0 St Jean<\/p>\n<\/div><\/div>\n\n\n\n<p><\/p>\n\n\n\n<div class=\"wp-block-media-text has-media-on-the-right is-stacked-on-mobile\"><div class=\"wp-block-media-text__content\">\n<p>19 mai : \u00abPierres en Lumi\u00e8res\u00bb en l&rsquo;\u00e9glise St Jean<\/p>\n<\/div><figure class=\"wp-block-media-text__media\"><img loading=\"lazy\" decoding=\"async\" width=\"1024\" height=\"683\" src=\"http:\/\/orgues-elbeuf.fr\/wp-content\/uploads\/2026\/02\/2018-Pierres-en-Lumieres-1024x683.jpeg\" alt=\"\" class=\"wp-image-96 size-full\" srcset=\"https:\/\/orgues-elbeuf.fr\/wp-content\/uploads\/2026\/02\/2018-Pierres-en-Lumieres-1024x683.jpeg 1024w, https:\/\/orgues-elbeuf.fr\/wp-content\/uploads\/2026\/02\/2018-Pierres-en-Lumieres-300x200.jpeg 300w, https:\/\/orgues-elbeuf.fr\/wp-content\/uploads\/2026\/02\/2018-Pierres-en-Lumieres-768x512.jpeg 768w, https:\/\/orgues-elbeuf.fr\/wp-content\/uploads\/2026\/02\/2018-Pierres-en-Lumieres-1536x1024.jpeg 1536w, https:\/\/orgues-elbeuf.fr\/wp-content\/uploads\/2026\/02\/2018-Pierres-en-Lumieres-2048x1365.jpeg 2048w, https:\/\/orgues-elbeuf.fr\/wp-content\/uploads\/2026\/02\/2018-Pierres-en-Lumieres-1568x1045.jpeg 1568w\" sizes=\"auto, (max-width: 1024px) 100vw, 1024px\" \/><\/figure><\/div>\n\n\n\n<hr class=\"wp-block-separator has-alpha-channel-opacity\"\/>\n\n\n\n<p class=\"has-background\" style=\"background:linear-gradient(135deg,rgba(252,146,0,0.99) 0%,rgba(255,106,0,0.13) 99%);font-size:clamp(21.536px, 1.346rem + ((1vw - 3.2px) * 1.192), 35px);\">2017 :<\/p>\n\n\n\n<p>L\u2019Association a sign\u00e9 une convention avec la Mairie et la Paroisse pour l\u2019entretien des orgues d\u2019Elbeuf. Quelques photos :<\/p>\n\n\n\n<figure class=\"wp-block-gallery has-nested-images columns-default is-cropped wp-block-gallery-1 is-layout-flex wp-block-gallery-is-layout-flex\">\n<figure class=\"wp-block-image size-large\"><img loading=\"lazy\" decoding=\"async\" width=\"264\" height=\"149\" data-id=\"100\" src=\"https:\/\/orgues-elbeuf.fr\/wp-content\/uploads\/2026\/02\/2017-12-Signature.jpg\" alt=\"\" class=\"wp-image-100\"\/><figcaption class=\"wp-element-caption\">Les 3 partenaires<\/figcaption><\/figure>\n\n\n\n<figure class=\"wp-block-image size-large\"><img loading=\"lazy\" decoding=\"async\" width=\"1024\" height=\"746\" data-id=\"99\" src=\"https:\/\/orgues-elbeuf.fr\/wp-content\/uploads\/2026\/02\/2017-12-Signature-Convention-1024x746.jpeg\" alt=\"\" class=\"wp-image-99\" srcset=\"https:\/\/orgues-elbeuf.fr\/wp-content\/uploads\/2026\/02\/2017-12-Signature-Convention-1024x746.jpeg 1024w, https:\/\/orgues-elbeuf.fr\/wp-content\/uploads\/2026\/02\/2017-12-Signature-Convention-300x219.jpeg 300w, https:\/\/orgues-elbeuf.fr\/wp-content\/uploads\/2026\/02\/2017-12-Signature-Convention-768x560.jpeg 768w, https:\/\/orgues-elbeuf.fr\/wp-content\/uploads\/2026\/02\/2017-12-Signature-Convention-1536x1120.jpeg 1536w, https:\/\/orgues-elbeuf.fr\/wp-content\/uploads\/2026\/02\/2017-12-Signature-Convention-2048x1493.jpeg 2048w, https:\/\/orgues-elbeuf.fr\/wp-content\/uploads\/2026\/02\/2017-12-Signature-Convention-1568x1143.jpeg 1568w\" sizes=\"auto, (max-width: 1024px) 100vw, 1024px\" \/><figcaption class=\"wp-element-caption\">La presse en parle<\/figcaption><\/figure>\n<\/figure>\n\n\n\n<hr class=\"wp-block-separator has-alpha-channel-opacity\"\/>\n","protected":false},"excerpt":{"rendered":"<p>2019 : Septembre : Journ\u00e9es du Patrimoine 03 ao\u00fbt : Concert de Valentin ROUGET \u00e0 l&rsquo;Immacul\u00e9e-Conception dans le cadre du Festival des orgues Cavaill\u00e9-Coll 01 Juin : Concert d&rsquo;Andr\u00e9 DE JAEGER \u00e0 l&rsquo;Immacul\u00e9e-Conception 17 mai : Concert d&rsquo;Aurore BAAL \u00e0 l&rsquo;Immacul\u00e9e-Conception 2018 : 26 octobre : Concert Orgue et fl\u00fbte \u00e0 l&rsquo;Immacul\u00e9e-Conception 05 octobre : &hellip; <\/p>\n<p class=\"link-more\"><a href=\"https:\/\/orgues-elbeuf.fr\/index.php\/anciennes-actualites-2017-2019\/\" class=\"more-link\">Lire la suite de<span class=\"screen-reader-text\">\u00ab\u00a0Anciennes actualit\u00e9s 2017-2019\u00a0\u00bb<\/span><\/a><\/p>\n","protected":false},"author":1,"featured_media":0,"parent":0,"menu_order":0,"comment_status":"closed","ping_status":"closed","template":"","meta":{"inspiro_hide_title":false,"footnotes":""},"class_list":["post-330","page","type-page","status-publish","hentry"],"_links":{"self":[{"href":"https:\/\/orgues-elbeuf.fr\/index.php\/wp-json\/wp\/v2\/pages\/330","targetHints":{"allow":["GET"]}}],"collection":[{"href":"https:\/\/orgues-elbeuf.fr\/index.php\/wp-json\/wp\/v2\/pages"}],"about":[{"href":"https:\/\/orgues-elbeuf.fr\/index.php\/wp-json\/wp\/v2\/types\/page"}],"author":[{"embeddable":true,"href":"https:\/\/orgues-elbeuf.fr\/index.php\/wp-json\/wp\/v2\/users\/1"}],"replies":[{"embeddable":true,"href":"https:\/\/orgues-elbeuf.fr\/index.php\/wp-json\/wp\/v2\/comments?post=330"}],"version-history":[{"count":1,"href":"https:\/\/orgues-elbeuf.fr\/index.php\/wp-json\/wp\/v2\/pages\/330\/revisions"}],"predecessor-version":[{"id":331,"href":"https:\/\/orgues-elbeuf.fr\/index.php\/wp-json\/wp\/v2\/pages\/330\/revisions\/331"}],"wp:attachment":[{"href":"https:\/\/orgues-elbeuf.fr\/index.php\/wp-json\/wp\/v2\/media?parent=330"}],"curies":[{"name":"wp","href":"https:\/\/api.w.org\/{rel}","templated":true}]}}