{"id":334,"date":"2026-02-27T18:35:03","date_gmt":"2026-02-27T18:35:03","guid":{"rendered":"https:\/\/orgues-elbeuf.fr\/?page_id=334"},"modified":"2026-02-27T18:35:03","modified_gmt":"2026-02-27T18:35:03","slug":"anciennes-actualites-2023-2025","status":"publish","type":"page","link":"https:\/\/orgues-elbeuf.fr\/index.php\/anciennes-actualites-2023-2025\/","title":{"rendered":"Anciennes actualit\u00e9s 2023-2025"},"content":{"rendered":"\n<p class=\"has-background\" style=\"background:linear-gradient(135deg,rgba(252,146,0,0.99) 0%,rgba(255,106,0,0.13) 99%);font-size:clamp(21.536px, 1.346rem + ((1vw - 3.2px) * 1.192), 35px);\">2025 :<\/p>\n\n\n\n<p><\/p>\n\n\n\n<div class=\"wp-block-media-text is-stacked-on-mobile\"><figure class=\"wp-block-media-text__media\"><img loading=\"lazy\" decoding=\"async\" width=\"724\" height=\"1024\" src=\"https:\/\/orgues-elbeuf.fr\/wp-content\/uploads\/2026\/02\/image-2-724x1024.png\" alt=\"\" class=\"wp-image-90 size-full\" srcset=\"https:\/\/orgues-elbeuf.fr\/wp-content\/uploads\/2026\/02\/image-2-724x1024.png 724w, https:\/\/orgues-elbeuf.fr\/wp-content\/uploads\/2026\/02\/image-2-212x300.png 212w, https:\/\/orgues-elbeuf.fr\/wp-content\/uploads\/2026\/02\/image-2-768x1087.png 768w, https:\/\/orgues-elbeuf.fr\/wp-content\/uploads\/2026\/02\/image-2.png 1080w\" sizes=\"auto, (max-width: 724px) 100vw, 724px\" \/><\/figure><div class=\"wp-block-media-text__content\">\n<p>12 d\u00e9cembre : Audition de No\u00ebl par les organistes de l&rsquo;Association<\/p>\n<\/div><\/div>\n\n\n\n<p><\/p>\n\n\n\n<div class=\"wp-block-media-text has-media-on-the-right is-stacked-on-mobile\"><div class=\"wp-block-media-text__content\">\n<p>21 septembre : Dans le cadre des&nbsp;Journ\u00e9es du Patrimoine,&nbsp;concert propos\u00e9 par Luc VERVISCH&nbsp;sur le Grand-Orgue de&nbsp;l\u2019Immacul\u00e9e-Conception<\/p>\n<\/div><figure class=\"wp-block-media-text__media\"><img loading=\"lazy\" decoding=\"async\" width=\"724\" height=\"1024\" src=\"https:\/\/orgues-elbeuf.fr\/wp-content\/uploads\/2026\/02\/2025-09-21-ADODE-Recital-dorgue-par-Luc-Vervisch-724x1024.jpg\" alt=\"\" class=\"wp-image-290 size-full\" srcset=\"https:\/\/orgues-elbeuf.fr\/wp-content\/uploads\/2026\/02\/2025-09-21-ADODE-Recital-dorgue-par-Luc-Vervisch-724x1024.jpg 724w, https:\/\/orgues-elbeuf.fr\/wp-content\/uploads\/2026\/02\/2025-09-21-ADODE-Recital-dorgue-par-Luc-Vervisch-212x300.jpg 212w, https:\/\/orgues-elbeuf.fr\/wp-content\/uploads\/2026\/02\/2025-09-21-ADODE-Recital-dorgue-par-Luc-Vervisch.jpg 1414w\" sizes=\"auto, (max-width: 724px) 100vw, 724px\" \/><\/figure><\/div>\n\n\n\n<p><\/p>\n\n\n\n<div class=\"wp-block-media-text is-stacked-on-mobile\"><figure class=\"wp-block-media-text__media\"><img loading=\"lazy\" decoding=\"async\" width=\"1024\" height=\"576\" src=\"https:\/\/orgues-elbeuf.fr\/wp-content\/uploads\/2026\/02\/image-5-1024x576.png\" alt=\"\" class=\"wp-image-103 size-full\" srcset=\"https:\/\/orgues-elbeuf.fr\/wp-content\/uploads\/2026\/02\/image-5-1024x576.png 1024w, https:\/\/orgues-elbeuf.fr\/wp-content\/uploads\/2026\/02\/image-5-300x169.png 300w, https:\/\/orgues-elbeuf.fr\/wp-content\/uploads\/2026\/02\/image-5-768x432.png 768w, https:\/\/orgues-elbeuf.fr\/wp-content\/uploads\/2026\/02\/image-5-1536x864.png 1536w, https:\/\/orgues-elbeuf.fr\/wp-content\/uploads\/2026\/02\/image-5-1568x882.png 1568w, https:\/\/orgues-elbeuf.fr\/wp-content\/uploads\/2026\/02\/image-5.png 1920w\" sizes=\"auto, (max-width: 1024px) 100vw, 1024px\" \/><\/figure><div class=\"wp-block-media-text__content\">\n<p>24 ao\u00fbt : nous avons accueilli le Festival des Orgues Cavaill\u00e9-Coll pour un concert d&rsquo;Ansgar WALLENHORST<\/p>\n<\/div><\/div>\n\n\n\n<hr class=\"wp-block-separator has-alpha-channel-opacity\"\/>\n\n\n\n<p class=\"has-background\" style=\"background:linear-gradient(135deg,rgba(252,146,0,0.99) 0%,rgba(255,106,0,0.13) 99%);font-size:clamp(21.536px, 1.346rem + ((1vw - 3.2px) * 1.192), 35px);\">2024 :<\/p>\n\n\n\n<p><\/p>\n\n\n\n<div class=\"wp-block-media-text is-stacked-on-mobile\"><figure class=\"wp-block-media-text__media\"><img loading=\"lazy\" decoding=\"async\" width=\"724\" height=\"1024\" src=\"https:\/\/orgues-elbeuf.fr\/wp-content\/uploads\/2026\/02\/2024-10-04-Faure-2024-Requiem-724x1024.jpg\" alt=\"\" class=\"wp-image-106 size-full\" srcset=\"https:\/\/orgues-elbeuf.fr\/wp-content\/uploads\/2026\/02\/2024-10-04-Faure-2024-Requiem-724x1024.jpg 724w, https:\/\/orgues-elbeuf.fr\/wp-content\/uploads\/2026\/02\/2024-10-04-Faure-2024-Requiem-212x300.jpg 212w, https:\/\/orgues-elbeuf.fr\/wp-content\/uploads\/2026\/02\/2024-10-04-Faure-2024-Requiem-768x1086.jpg 768w, https:\/\/orgues-elbeuf.fr\/wp-content\/uploads\/2026\/02\/2024-10-04-Faure-2024-Requiem-1086x1536.jpg 1086w, https:\/\/orgues-elbeuf.fr\/wp-content\/uploads\/2026\/02\/2024-10-04-Faure-2024-Requiem-1448x2048.jpg 1448w, https:\/\/orgues-elbeuf.fr\/wp-content\/uploads\/2026\/02\/2024-10-04-Faure-2024-Requiem-1568x2217.jpg 1568w, https:\/\/orgues-elbeuf.fr\/wp-content\/uploads\/2026\/02\/2024-10-04-Faure-2024-Requiem-scaled.jpg 1811w\" sizes=\"auto, (max-width: 724px) 100vw, 724px\" \/><\/figure><div class=\"wp-block-media-text__content\">\n<p>04 octobre : Requiem de Faur\u00e9 \u00e0 l&rsquo;\u00e9glise St Jean<\/p>\n<\/div><\/div>\n\n\n\n<p><\/p>\n\n\n\n<div class=\"wp-block-media-text has-media-on-the-right is-stacked-on-mobile\"><div class=\"wp-block-media-text__content\">\n<p>23 ao\u00fbt : concert d&rsquo;Ana\u00efs PAYERNE \u00e0 ST Jean dans le cadre du Festival des Orgues Cavaill\u00e9-Coll<\/p>\n<\/div><figure class=\"wp-block-media-text__media\"><img loading=\"lazy\" decoding=\"async\" width=\"1024\" height=\"535\" src=\"https:\/\/orgues-elbeuf.fr\/wp-content\/uploads\/2026\/02\/image-8-1024x535.png\" alt=\"\" class=\"wp-image-119 size-full\" srcset=\"https:\/\/orgues-elbeuf.fr\/wp-content\/uploads\/2026\/02\/image-8-1024x535.png 1024w, https:\/\/orgues-elbeuf.fr\/wp-content\/uploads\/2026\/02\/image-8-300x157.png 300w, https:\/\/orgues-elbeuf.fr\/wp-content\/uploads\/2026\/02\/image-8-768x401.png 768w, https:\/\/orgues-elbeuf.fr\/wp-content\/uploads\/2026\/02\/image-8.png 1080w\" sizes=\"auto, (max-width: 1024px) 100vw, 1024px\" \/><\/figure><\/div>\n\n\n\n<p><\/p>\n\n\n\n<div class=\"wp-block-media-text is-stacked-on-mobile\"><figure class=\"wp-block-media-text__media\"><img loading=\"lazy\" decoding=\"async\" width=\"722\" height=\"1024\" src=\"https:\/\/orgues-elbeuf.fr\/wp-content\/uploads\/2026\/02\/Affiche-Coulon-722x1024.jpg\" alt=\"\" class=\"wp-image-107 size-full\" srcset=\"https:\/\/orgues-elbeuf.fr\/wp-content\/uploads\/2026\/02\/Affiche-Coulon-722x1024.jpg 722w, https:\/\/orgues-elbeuf.fr\/wp-content\/uploads\/2026\/02\/Affiche-Coulon-212x300.jpg 212w, https:\/\/orgues-elbeuf.fr\/wp-content\/uploads\/2026\/02\/Affiche-Coulon-768x1089.jpg 768w, https:\/\/orgues-elbeuf.fr\/wp-content\/uploads\/2026\/02\/Affiche-Coulon-1083x1536.jpg 1083w, https:\/\/orgues-elbeuf.fr\/wp-content\/uploads\/2026\/02\/Affiche-Coulon-1444x2048.jpg 1444w, https:\/\/orgues-elbeuf.fr\/wp-content\/uploads\/2026\/02\/Affiche-Coulon-1568x2224.jpg 1568w, https:\/\/orgues-elbeuf.fr\/wp-content\/uploads\/2026\/02\/Affiche-Coulon-scaled.jpg 1805w\" sizes=\"auto, (max-width: 722px) 100vw, 722px\" \/><\/figure><div class=\"wp-block-media-text__content\">\n<p>24 mai : Concert Orgue et Trompette \u00e0 St Jean<\/p>\n<\/div><\/div>\n\n\n\n<hr class=\"wp-block-separator has-alpha-channel-opacity\"\/>\n\n\n\n<p class=\"has-background\" style=\"background:linear-gradient(135deg,rgba(252,146,0,0.99) 0%,rgba(255,106,0,0.13) 99%);font-size:clamp(21.536px, 1.346rem + ((1vw - 3.2px) * 1.192), 35px);\">2023 :<\/p>\n\n\n\n<p><\/p>\n\n\n\n<div class=\"wp-block-media-text is-stacked-on-mobile\"><figure class=\"wp-block-media-text__media\"><img loading=\"lazy\" decoding=\"async\" width=\"724\" height=\"1024\" src=\"https:\/\/orgues-elbeuf.fr\/wp-content\/uploads\/2026\/02\/2023-11-17-Trompette-Orgues-724x1024.png\" alt=\"\" class=\"wp-image-108 size-full\" srcset=\"https:\/\/orgues-elbeuf.fr\/wp-content\/uploads\/2026\/02\/2023-11-17-Trompette-Orgues-724x1024.png 724w, https:\/\/orgues-elbeuf.fr\/wp-content\/uploads\/2026\/02\/2023-11-17-Trompette-Orgues-212x300.png 212w, https:\/\/orgues-elbeuf.fr\/wp-content\/uploads\/2026\/02\/2023-11-17-Trompette-Orgues-768x1086.png 768w, https:\/\/orgues-elbeuf.fr\/wp-content\/uploads\/2026\/02\/2023-11-17-Trompette-Orgues-1086x1536.png 1086w, https:\/\/orgues-elbeuf.fr\/wp-content\/uploads\/2026\/02\/2023-11-17-Trompette-Orgues-1448x2048.png 1448w, https:\/\/orgues-elbeuf.fr\/wp-content\/uploads\/2026\/02\/2023-11-17-Trompette-Orgues-1568x2218.png 1568w, https:\/\/orgues-elbeuf.fr\/wp-content\/uploads\/2026\/02\/2023-11-17-Trompette-Orgues.png 1587w\" sizes=\"auto, (max-width: 724px) 100vw, 724px\" \/><\/figure><div class=\"wp-block-media-text__content\">\n<p>17 novembre : Concert Trompettes et Orgue avec les \u00e9l\u00e8ves du Conservatoire \u00e0 Rayonnement d\u00e9partemental de Grand-Couronne et les organistes de l&rsquo;Association<\/p>\n<\/div><\/div>\n\n\n\n<p><\/p>\n\n\n\n<div class=\"wp-block-media-text has-media-on-the-right is-stacked-on-mobile\"><div class=\"wp-block-media-text__content\">\n<p>01 octobre : Le ch\u0153ur St Andr\u00e9 accompagn\u00e9 par Nicolas PIEN<\/p>\n<\/div><figure class=\"wp-block-media-text__media\"><img loading=\"lazy\" decoding=\"async\" width=\"724\" height=\"1024\" src=\"https:\/\/orgues-elbeuf.fr\/wp-content\/uploads\/2026\/02\/2023-10-01-Affiche-concert-choeur-St-Andre-724x1024.png\" alt=\"\" class=\"wp-image-111 size-full\" srcset=\"https:\/\/orgues-elbeuf.fr\/wp-content\/uploads\/2026\/02\/2023-10-01-Affiche-concert-choeur-St-Andre-724x1024.png 724w, https:\/\/orgues-elbeuf.fr\/wp-content\/uploads\/2026\/02\/2023-10-01-Affiche-concert-choeur-St-Andre-212x300.png 212w, https:\/\/orgues-elbeuf.fr\/wp-content\/uploads\/2026\/02\/2023-10-01-Affiche-concert-choeur-St-Andre-768x1086.png 768w, https:\/\/orgues-elbeuf.fr\/wp-content\/uploads\/2026\/02\/2023-10-01-Affiche-concert-choeur-St-Andre-1086x1536.png 1086w, https:\/\/orgues-elbeuf.fr\/wp-content\/uploads\/2026\/02\/2023-10-01-Affiche-concert-choeur-St-Andre-1448x2048.png 1448w, https:\/\/orgues-elbeuf.fr\/wp-content\/uploads\/2026\/02\/2023-10-01-Affiche-concert-choeur-St-Andre-1568x2217.png 1568w, https:\/\/orgues-elbeuf.fr\/wp-content\/uploads\/2026\/02\/2023-10-01-Affiche-concert-choeur-St-Andre-scaled.png 1811w\" sizes=\"auto, (max-width: 724px) 100vw, 724px\" \/><\/figure><\/div>\n\n\n\n<p><\/p>\n\n\n\n<div class=\"wp-block-media-text is-stacked-on-mobile\"><figure class=\"wp-block-media-text__media\"><img loading=\"lazy\" decoding=\"async\" width=\"526\" height=\"275\" src=\"https:\/\/orgues-elbeuf.fr\/wp-content\/uploads\/2026\/02\/image-9.png\" alt=\"\" class=\"wp-image-120 size-full\" srcset=\"https:\/\/orgues-elbeuf.fr\/wp-content\/uploads\/2026\/02\/image-9.png 526w, https:\/\/orgues-elbeuf.fr\/wp-content\/uploads\/2026\/02\/image-9-300x157.png 300w\" sizes=\"auto, (max-width: 526px) 100vw, 526px\" \/><\/figure><div class=\"wp-block-media-text__content\">\n<p>19 ao\u00fbt : Concert d&rsquo;Arthur-Nicolas NAUCHE \u00e0 St Jean dans le cadre du Festival des Orgues Cavaill\u00e9-Coll<\/p>\n<\/div><\/div>\n\n\n\n<p><\/p>\n\n\n\n<div class=\"wp-block-media-text has-media-on-the-right is-stacked-on-mobile\"><div class=\"wp-block-media-text__content\">\n<p>02 juillet : Concert de Nicolas PIEN \u00e0 l&rsquo;Immacul\u00e9e-Conception<\/p>\n<\/div><figure class=\"wp-block-media-text__media\"><img loading=\"lazy\" decoding=\"async\" width=\"719\" height=\"1024\" src=\"https:\/\/orgues-elbeuf.fr\/wp-content\/uploads\/2026\/02\/Affiche-Nicolas-719x1024.jpg\" alt=\"\" class=\"wp-image-112 size-full\" srcset=\"https:\/\/orgues-elbeuf.fr\/wp-content\/uploads\/2026\/02\/Affiche-Nicolas-719x1024.jpg 719w, https:\/\/orgues-elbeuf.fr\/wp-content\/uploads\/2026\/02\/Affiche-Nicolas-211x300.jpg 211w, https:\/\/orgues-elbeuf.fr\/wp-content\/uploads\/2026\/02\/Affiche-Nicolas-768x1094.jpg 768w, https:\/\/orgues-elbeuf.fr\/wp-content\/uploads\/2026\/02\/Affiche-Nicolas-1079x1536.jpg 1079w, https:\/\/orgues-elbeuf.fr\/wp-content\/uploads\/2026\/02\/Affiche-Nicolas-1438x2048.jpg 1438w, https:\/\/orgues-elbeuf.fr\/wp-content\/uploads\/2026\/02\/Affiche-Nicolas-1568x2233.jpg 1568w, https:\/\/orgues-elbeuf.fr\/wp-content\/uploads\/2026\/02\/Affiche-Nicolas-scaled.jpg 1798w\" sizes=\"auto, (max-width: 719px) 100vw, 719px\" \/><\/figure><\/div>\n\n\n\n<p><\/p>\n\n\n\n<div class=\"wp-block-media-text is-stacked-on-mobile\"><figure class=\"wp-block-media-text__media\"><img loading=\"lazy\" decoding=\"async\" width=\"724\" height=\"1024\" src=\"https:\/\/orgues-elbeuf.fr\/wp-content\/uploads\/2026\/02\/Affiche-Fabien-724x1024.jpg\" alt=\"\" class=\"wp-image-113 size-full\" srcset=\"https:\/\/orgues-elbeuf.fr\/wp-content\/uploads\/2026\/02\/Affiche-Fabien-724x1024.jpg 724w, https:\/\/orgues-elbeuf.fr\/wp-content\/uploads\/2026\/02\/Affiche-Fabien-212x300.jpg 212w, https:\/\/orgues-elbeuf.fr\/wp-content\/uploads\/2026\/02\/Affiche-Fabien-768x1086.jpg 768w, https:\/\/orgues-elbeuf.fr\/wp-content\/uploads\/2026\/02\/Affiche-Fabien-1086x1536.jpg 1086w, https:\/\/orgues-elbeuf.fr\/wp-content\/uploads\/2026\/02\/Affiche-Fabien-1448x2048.jpg 1448w, https:\/\/orgues-elbeuf.fr\/wp-content\/uploads\/2026\/02\/Affiche-Fabien-1568x2217.jpg 1568w, https:\/\/orgues-elbeuf.fr\/wp-content\/uploads\/2026\/02\/Affiche-Fabien-scaled.jpg 1810w\" sizes=\"auto, (max-width: 724px) 100vw, 724px\" \/><\/figure><div class=\"wp-block-media-text__content\">\n<p>18 juin : Concert de Fabien DESSEAUX \u00e0 l&rsquo;Immacul\u00e9e-Conception<\/p>\n<\/div><\/div>\n","protected":false},"excerpt":{"rendered":"<p>2025 : 12 d\u00e9cembre : Audition de No\u00ebl par les organistes de l&rsquo;Association 21 septembre : Dans le cadre des&nbsp;Journ\u00e9es du Patrimoine,&nbsp;concert propos\u00e9 par Luc VERVISCH&nbsp;sur le Grand-Orgue de&nbsp;l\u2019Immacul\u00e9e-Conception 24 ao\u00fbt : nous avons accueilli le Festival des Orgues Cavaill\u00e9-Coll pour un concert d&rsquo;Ansgar WALLENHORST 2024 : 04 octobre : Requiem de Faur\u00e9 \u00e0 l&rsquo;\u00e9glise &hellip; <\/p>\n<p class=\"link-more\"><a href=\"https:\/\/orgues-elbeuf.fr\/index.php\/anciennes-actualites-2023-2025\/\" class=\"more-link\">Lire la suite de<span class=\"screen-reader-text\">\u00ab\u00a0Anciennes actualit\u00e9s 2023-2025\u00a0\u00bb<\/span><\/a><\/p>\n","protected":false},"author":1,"featured_media":0,"parent":0,"menu_order":0,"comment_status":"closed","ping_status":"closed","template":"","meta":{"inspiro_hide_title":false,"footnotes":""},"class_list":["post-334","page","type-page","status-publish","hentry"],"_links":{"self":[{"href":"https:\/\/orgues-elbeuf.fr\/index.php\/wp-json\/wp\/v2\/pages\/334","targetHints":{"allow":["GET"]}}],"collection":[{"href":"https:\/\/orgues-elbeuf.fr\/index.php\/wp-json\/wp\/v2\/pages"}],"about":[{"href":"https:\/\/orgues-elbeuf.fr\/index.php\/wp-json\/wp\/v2\/types\/page"}],"author":[{"embeddable":true,"href":"https:\/\/orgues-elbeuf.fr\/index.php\/wp-json\/wp\/v2\/users\/1"}],"replies":[{"embeddable":true,"href":"https:\/\/orgues-elbeuf.fr\/index.php\/wp-json\/wp\/v2\/comments?post=334"}],"version-history":[{"count":2,"href":"https:\/\/orgues-elbeuf.fr\/index.php\/wp-json\/wp\/v2\/pages\/334\/revisions"}],"predecessor-version":[{"id":337,"href":"https:\/\/orgues-elbeuf.fr\/index.php\/wp-json\/wp\/v2\/pages\/334\/revisions\/337"}],"wp:attachment":[{"href":"https:\/\/orgues-elbeuf.fr\/index.php\/wp-json\/wp\/v2\/media?parent=334"}],"curies":[{"name":"wp","href":"https:\/\/api.w.org\/{rel}","templated":true}]}}